{"id":153,"date":"2026-04-09T20:10:03","date_gmt":"2026-04-09T23:10:03","guid":{"rendered":"https:\/\/wciint.com.br\/?page_id=153"},"modified":"2026-09-02T12:03:53","modified_gmt":"2026-09-02T15:03:53","slug":"programacao","status":"publish","type":"page","link":"https:\/\/wciint.com.br\/home\/programacao\/","title":{"rendered":"Programa\u00e7\u00e3o"},"content":{"rendered":"\n<div class=\"wp-block-uagb-container uagb-block-f93f890c alignfull uagb-is-root-container\"><div class=\"uagb-container-inner-blocks-wrap\">\n<div class=\"wp-block-uagb-info-box uagb-block-8925a169 uagb-infobox__content-wrap  uagb-infobox-icon-above-title uagb-infobox-image-valign-top\"><div class=\"uagb-ifb-content\"><div class=\"uagb-ifb-image-content\"><img decoding=\"async\" src=\"https:\/\/wciint.com.br\/wp-content\/uploads\/2026\/04\/WCI_vertical_branco-171x300.png\" alt=\"\" width=\"\" height=\"0\" loading=\"lazy\"\/><\/div><div class=\"uagb-ifb-title-wrap\"><h3 class=\"uagb-ifb-title\"><br><br><strong>PROGRAMA\u00c7\u00c3O DO 5\u00aa WCI \u2013 21 A 24 DE SETEMBRO DE 2026<\/strong><br><strong>DEEP TECHS: Estrat\u00e9gias, a\u00e7\u00f5es, desafios e oportunidades<\/strong><\/h3><\/div><p class=\"uagb-ifb-desc\"><br><\/p><\/div><\/div>\n\n\n\n<div class=\"wp-block-uagb-info-box uagb-block-cbb93247 uagb-infobox__content-wrap  uagb-infobox-icon-above-title uagb-infobox-image-valign-top\"><div class=\"uagb-ifb-content\"><div class=\"uagb-ifb-title-wrap\"><h3 class=\"uagb-ifb-title\"><br><strong>DIA 21 DE SETEMBRO DE 2026<\/strong><br>F\u00d3RUM DE INCUBADORAS E ACELERADORAS &#8211; PR\u00c9-EVENTO<\/h3><\/div><div class=\"uagb-ifb-desc\">\n<p class=\"has-ast-global-color-4-color has-text-color has-link-color wp-elements-1 wp-block-paragraph\">&nbsp;<br>8:00 \u2013 Caf\u00e9 de recep\u00e7\u00e3o &amp; Abertura dos P\u00f4steres e da Mostra Dr. Abra\u00e3o Iachan<br>9:00 \u00e0s 9:30 \u2013 Abertura  <\/p>\n\n\n\n<p class=\"has-ast-global-color-4-color has-text-color has-link-color wp-elements-2 wp-block-paragraph\">Diretora do INT \u2013 M\u00e1rcia Oliveira<\/p>\n\n\n\n<p class=\"has-ast-global-color-4-color has-text-color has-link-color wp-elements-3 wp-block-paragraph\">9:30 \u00e0s 11:30 \u2013 Mesa-redonda sobre Gest\u00e3o e Governan\u00e7a <\/p>\n\n\n\n<p class=\"has-ast-global-color-4-color has-text-color has-link-color wp-elements-4 wp-block-paragraph\">Mariana Botino &#8211; CBPF<br>Paula Gonzaga &#8211; INT\/REDETEC <br>Edison Renato Silva &#8211; Tabia Health <br>Valeria Pimentel &#8211; Mediadora <\/p>\n\n\n\n<p class=\"has-ast-global-color-4-color has-text-color has-link-color wp-elements-5 wp-block-paragraph\"><strong>12:00 \u00e0s 14:00 \u2013 Almo\u00e7o<\/strong><\/p>\n\n\n\n<p class=\"has-ast-global-color-4-color has-text-color has-link-color wp-elements-6 wp-block-paragraph\">14:00 \u00e0s 16:00 \u2013 Mesa-redonda sobre arcabou\u00e7o jur\u00eddico<\/p>\n\n\n\n<p class=\"has-ast-global-color-4-color has-text-color has-link-color wp-elements-7 wp-block-paragraph\">Caio Barbosa &#8211; AGU<br>Gabriela Toledo \u2013 Consultora<br>Gabriela Santos &#8211; UFRJ<\/p>\n\n\n\n<p class=\"has-ast-global-color-4-color has-text-color has-link-color wp-elements-8 wp-block-paragraph\"><strong>16:00 &#8211; Encerramento<br><\/strong><\/p>\n<\/div><\/div><\/div>\n\n\n\n<div class=\"wp-block-uagb-info-box uagb-block-e8259fa9 uagb-infobox__content-wrap  uagb-infobox-icon-above-title uagb-infobox-image-valign-top\"><div class=\"uagb-ifb-content\"><div class=\"uagb-ifb-title-wrap\"><h3 class=\"uagb-ifb-title\"><br><strong>DIA 22 DE SETEMBRO DE 2026<\/strong><br><strong>Pain\u00e9is de debate \u2013 Primeiro Dia<\/strong><\/h3><\/div><div class=\"uagb-ifb-desc\">\n<p class=\"has-ast-global-color-4-color has-text-color has-link-color wp-elements-9 wp-block-paragraph\"><strong>&nbsp;<\/strong><br>8:00 \u2013 Caf\u00e9 de recep\u00e7\u00e3o &amp; Abertura dos P\u00f4steres e da Mostra Dr. Abra\u00e3o Iachan<br>9:00 \u00e0s 9:30 \u2013 Abertura <\/p>\n\n\n\n<p class=\"has-ast-global-color-4-color has-text-color has-link-color wp-elements-10 wp-block-paragraph\">Daniel Almeida Filho &#8211; Secret\u00e1rio SETC\/MCTI<br><br>9:30 \u00e0s 11:30 \u2013 Painel 1 &#8211; Desafios e oportunidades<\/p>\n\n\n\n<p class=\"has-ast-global-color-4-color has-text-color has-link-color wp-elements-11 wp-block-paragraph\">Hugo Resende &#8211; Founder H.BR Innovation<\/p>\n\n\n\n<p class=\"has-ast-global-color-4-color has-text-color has-link-color wp-elements-12 wp-block-paragraph\">Frank Gomes &#8211; Coordenador de Neg\u00f3cios na UFMG<\/p>\n\n\n\n<p class=\"has-ast-global-color-4-color has-text-color has-link-color wp-elements-13 wp-block-paragraph\"><br><strong>12:00 \u00e0s 14:00 \u2013 Almo\u00e7o<\/strong><\/p>\n\n\n\n<p class=\"has-white-color has-text-color has-link-color wp-elements-14 wp-block-paragraph\">14:00 \u00e0s 16:00 \u2013 Painel 2 &#8211; Infraestrutura de P&amp;D e Acesso a Laborat\u00f3rios<\/p>\n\n\n\n<p class=\"has-ast-global-color-4-color has-text-color has-link-color wp-elements-15 wp-block-paragraph\">Romildo Toledo &#8211; Diretor do Parque Tecnol\u00f3gico da UFR<\/p>\n\n\n\n<p class=\"has-ast-global-color-4-color has-text-color has-link-color wp-elements-16 wp-block-paragraph\">Fernando Peregrino &#8211; Pr\u00f3-Reitor Gest\u00e3o e Governan\u00e7a da UFRJ<\/p>\n\n\n\n<p class=\"has-ast-global-color-4-color has-text-color has-link-color wp-elements-17 wp-block-paragraph\"><strong>16:00 \u2013 Encerramento<\/strong><\/p>\n<\/div><\/div><\/div>\n\n\n\n<div class=\"wp-block-uagb-info-box uagb-block-86e3a183 uagb-infobox__content-wrap  uagb-infobox-icon-above-title uagb-infobox-image-valign-top\"><div class=\"uagb-ifb-content\"><div class=\"uagb-ifb-title-wrap\"><h3 class=\"uagb-ifb-title\"><br><strong>DIA 23 DE SETEMBRO DE 2026<\/strong><br><strong>Pain\u00e9is de debate \u2013 Segundo dia<\/strong><\/h3><\/div><div class=\"uagb-ifb-desc\">\n<p class=\"has-ast-global-color-4-color has-text-color has-link-color wp-elements-18 wp-block-paragraph\"><strong>\u00a0<\/strong>\u00a0<br>8:00 \u2013 Caf\u00e9 de recep\u00e7\u00e3o &amp; Exposi\u00e7\u00e3o dos P\u00f4steres e da Mostra Dr. Abra\u00e3o Iachan<br>9:00 \u00e0s 10:30 \u2013 Painel 3 &#8211; Desenvolvimento, reten\u00e7\u00e3o e atra\u00e7\u00e3o de empreendedores<\/p>\n\n\n\n<p class=\"has-ast-global-color-4-color has-text-color has-link-color wp-elements-19 wp-block-paragraph\">Levi Machado &#8211; Diretor de Ambientes Inovadores e Intelig\u00eancia de Mercado do IPT<\/p>\n\n\n\n<p class=\"has-ast-global-color-4-color has-text-color has-link-color wp-elements-20 wp-block-paragraph\">Daniel Leipnitz &#8211; Diretor Corporativo e de Rela\u00e7\u00f5es Humanas da Visto Sistemas<\/p>\n\n\n\n<p class=\"has-ast-global-color-4-color has-text-color has-link-color wp-elements-21 wp-block-paragraph\">10:30 \u00e0s 12:00 \u2013 Painel 4 &#8211; Experi\u00eancia de empresas incubadas no INT\u00a0 e parceiros \u2013 Primeiro Tempo<\/p>\n\n\n\n<p class=\"has-ast-global-color-4-color has-text-color has-link-color wp-elements-22 wp-block-paragraph\">Mona Oliveira &#8211; CEO da BioLinker<\/p>\n\n\n\n<p class=\"has-ast-global-color-4-color has-text-color has-link-color wp-elements-23 wp-block-paragraph\">Guido Gra\u00e7a &#8211; CEO da Matcis<\/p>\n\n\n\n<p class=\"has-ast-global-color-4-color has-text-color has-link-color wp-elements-24 wp-block-paragraph\"><strong>12:00 \u00e0s 14:00 \u2013 Almo\u00e7o<\/strong><\/p>\n\n\n\n<p class=\"has-ast-global-color-4-color has-text-color has-link-color wp-elements-25 wp-block-paragraph\">14:00 \u00e0s 16:00 \u2013 Painel 4 &#8211; Experi\u00eancia de empresas incubadas no INT e parceiros \u2013 Segundo tempo<\/p>\n\n\n\n<p class=\"has-ast-global-color-4-color has-text-color has-link-color wp-elements-26 wp-block-paragraph\">Fabr\u00edcio Silva &#8211; Founder 3D BioNano<\/p>\n\n\n\n<p class=\"has-ast-global-color-4-color has-text-color has-link-color wp-elements-27 wp-block-paragraph\">Yollanda Van\u00e7ato &#8211; CEO Solnano<\/p>\n\n\n\n<p class=\"has-ast-global-color-4-color has-text-color has-link-color wp-elements-28 wp-block-paragraph\"><strong>16:00 &#8211; Encerramento<\/strong><br><br><\/p>\n<\/div><\/div><\/div>\n\n\n\n<div class=\"wp-block-uagb-info-box uagb-block-d3bb75db uagb-infobox__content-wrap  uagb-infobox-icon-above-title uagb-infobox-image-valign-top\"><div class=\"uagb-ifb-content\"><div class=\"uagb-ifb-title-wrap\"><h3 class=\"uagb-ifb-title\"><br><strong>DIA 24 DE SETEMBRO DE 2026<\/strong><br><strong>INT Day<\/strong><\/h3><\/div><div class=\"uagb-ifb-desc\">\n<p class=\"has-ast-global-color-4-color has-text-color has-link-color wp-elements-29 wp-block-paragraph\"><br>8:00 \u2013 Caf\u00e9 de recep\u00e7\u00e3o &amp; Exposi\u00e7\u00e3o dos P\u00f4steres e da Mostra Dr. Abra\u00e3o Iachan<br>9:00 \u00e0s 12:00 \u2013 Pitches e apresenta\u00e7\u00e3o de projetos de inova\u00e7\u00e3o &#8211; Demoday<br><strong>12:00 \u00e0s 14:00 \u2013 Almo\u00e7o<\/strong><br>14:00 \u00e0s 15:30 \u2013 Visita\u00e7\u00e3o de P\u00f4steres &amp; Mostra Dr. Iachan<\/p>\n\n\n\n<p class=\"has-ast-global-color-4-color has-text-color has-link-color wp-elements-30 wp-block-paragraph\"><strong>15:35  &#8211; Premia\u00e7\u00e3o e Coral INT<br>16:00 \u2013 Encerramento do Evento<\/strong><\/p>\n<\/div><\/div><\/div>\n<\/div><\/div>\n\n\n\n<p class=\"wp-block-paragraph\"><\/p>\n","protected":false},"excerpt":{"rendered":"","protected":false},"author":1,"featured_media":0,"parent":0,"menu_order":0,"comment_status":"closed","ping_status":"closed","template":"","meta":{"_uag_custom_page_level_css":"","site-sidebar-layout":"default","site-content-layout":"","ast-site-content-layout":"default","site-content-style":"default","site-sidebar-style":"default","ast-global-header-display":"","ast-banner-title-visibility":"","ast-main-header-display":"","ast-hfb-above-header-display":"","ast-hfb-below-header-display":"","ast-hfb-mobile-header-display":"","site-post-title":"disabled","ast-breadcrumbs-content":"","ast-featured-img":"","footer-sml-layout":"","ast-disable-related-posts":"","theme-transparent-header-meta":"","adv-header-id-meta":"","stick-header-meta":"","header-above-stick-meta":"","header-main-stick-meta":"","header-below-stick-meta":"","astra-migrate-meta-layouts":"default","ast-page-background-enabled":"default","ast-page-background-meta":{"desktop":{"background-color":"var(--ast-global-color-5)","background-image":"","background-repeat":"repeat","background-position":"center center","background-size":"auto","background-attachment":"scroll","background-type":"","background-media":"","overlay-type":"","overlay-color":"","overlay-opacity":"","overlay-gradient":""},"tablet":{"background-color":"","background-image":"","background-repeat":"repeat","background-position":"center center","background-size":"auto","background-attachment":"scroll","background-type":"","background-media":"","overlay-type":"","overlay-color":"","overlay-opacity":"","overlay-gradient":""},"mobile":{"background-color":"","background-image":"","background-repeat":"repeat","background-position":"center center","background-size":"auto","background-attachment":"scroll","background-type":"","background-media":"","overlay-type":"","overlay-color":"","overlay-opacity":"","overlay-gradient":""}},"ast-content-background-meta":{"desktop":{"background-color":"var(--ast-global-color-4)","background-image":"","background-repeat":"repeat","background-position":"center center","background-size":"auto","background-attachment":"scroll","background-type":"","background-media":"","overlay-type":"","overlay-color":"","overlay-opacity":"","overlay-gradient":""},"tablet":{"background-color":"var(--ast-global-color-4)","background-image":"","background-repeat":"repeat","background-position":"center center","background-size":"auto","background-attachment":"scroll","background-type":"","background-media":"","overlay-type":"","overlay-color":"","overlay-opacity":"","overlay-gradient":""},"mobile":{"background-color":"var(--ast-global-color-4)","background-image":"","background-repeat":"repeat","background-position":"center center","background-size":"auto","background-attachment":"scroll","background-type":"","background-media":"","overlay-type":"","overlay-color":"","overlay-opacity":"","overlay-gradient":""}},"footnotes":""},"class_list":["post-153","page","type-page","status-publish","hentry"],"uagb_featured_image_src":{"full":false,"thumbnail":false,"medium":false,"medium_large":false,"large":false,"1536x1536":false,"2048x2048":false},"uagb_author_info":{"display_name":"FabioDantas","author_link":"https:\/\/wciint.com.br\/home\/author\/fmld\/"},"uagb_comment_info":0,"uagb_excerpt":null,"_links":{"self":[{"href":"https:\/\/wciint.com.br\/home\/wp-json\/wp\/v2\/pages\/153","targetHints":{"allow":["GET"]}}],"collection":[{"href":"https:\/\/wciint.com.br\/home\/wp-json\/wp\/v2\/pages"}],"about":[{"href":"https:\/\/wciint.com.br\/home\/wp-json\/wp\/v2\/types\/page"}],"author":[{"embeddable":true,"href":"https:\/\/wciint.com.br\/home\/wp-json\/wp\/v2\/users\/1"}],"replies":[{"embeddable":true,"href":"https:\/\/wciint.com.br\/home\/wp-json\/wp\/v2\/comments?post=153"}],"version-history":[{"count":18,"href":"https:\/\/wciint.com.br\/home\/wp-json\/wp\/v2\/pages\/153\/revisions"}],"predecessor-version":[{"id":452,"href":"https:\/\/wciint.com.br\/home\/wp-json\/wp\/v2\/pages\/153\/revisions\/452"}],"wp:attachment":[{"href":"https:\/\/wciint.com.br\/home\/wp-json\/wp\/v2\/media?parent=153"}],"curies":[{"name":"wp","href":"https:\/\/api.w.org\/{rel}","templated":true}]}}